{"id":123,"date":"2017-08-24T21:57:45","date_gmt":"2017-08-24T19:57:45","guid":{"rendered":"http:\/\/seneve-rh.fr\/?page_id=123"},"modified":"2021-10-14T14:08:34","modified_gmt":"2021-10-14T12:08:34","slug":"itineraire","status":"publish","type":"page","link":"https:\/\/seneve-rh.fr\/index.php\/itineraire\/","title":{"rendered":"Itin\u00e9raire"},"content":{"rendered":"<p style=\"text-align: left;\"><img loading=\"lazy\" class=\"alignnone size-medium wp-image-342\" src=\"http:\/\/seneve-rh.fr\/wp-content\/uploads\/2017\/08\/Management-recrutement-Yann-2-240x300.png\" alt=\"\" width=\"240\" height=\"300\" srcset=\"https:\/\/seneve-rh.fr\/wp-content\/uploads\/2017\/08\/Management-recrutement-Yann-2-240x300.png 240w, https:\/\/seneve-rh.fr\/wp-content\/uploads\/2017\/08\/Management-recrutement-Yann-2.png 384w\" sizes=\"(max-width: 240px) 100vw, 240px\" \/> &nbsp; &nbsp;<strong>Yann PORTEU &#8211; Consultant \/ Fondateur de<span style=\"color: #ff6600;\"> S<\/span><span style=\"color: #993300;\">\u00e9nev\u00e9<\/span> <span style=\"color: #ff6600;\">RH<\/span><\/strong><\/p>\n<p style=\"text-align: left;\"><strong>Ing\u00e9nieur<\/strong> de formation (ECAM Lyon), j\u2019ai d\u00e9but\u00e9 ma carri\u00e8re en tant&nbsp; que Responsable de production dans l\u2019industrie papeti\u00e8re.&nbsp; <span style=\"color: #ff6600;\"><strong>Cette exp\u00e9rience de management de terrain<\/strong>,<\/span> qui fut extr\u00eamement formatrice, est devenue <span style=\"color: #ff6600;\"><strong>le socle de ma vision et de ma pratique des ressources humaines.<\/strong><\/span> J\u2018ai toujours en t\u00eate ce que j\u2019ai v\u00e9cu en tant que manager de production lorsque je suis avec un responsable op\u00e9rationnel.<\/p>\n<p style=\"text-align: left;\">Bien plus int\u00e9ress\u00e9 par <strong>les enjeux humains<\/strong> que par les aspects techniques de mon m\u00e9tier d\u2019alors, j\u2019ai d\u00e9cid\u00e9 de \u00ab&nbsp;r\u00e9-orienter&nbsp;\u00bb ma carri\u00e8re et de me tourner vers les Ressources Humaines. J\u2019ai ainsi, pendant presque 20 ans, occup\u00e9 diff\u00e9rents postes dans les RH, principalement au sein de 2 grands groupes fran\u00e7ais&nbsp;: <strong>PSA et Bureau Veritas.<\/strong> Les responsabilit\u00e9s qui me furent confi\u00e9es au fil des ann\u00e9es, comme la <strong>responsabilit\u00e9 RH d\u2019une usine de 2500 personnes<\/strong> ou la <strong>direction du d\u00e9veloppement des ressources humaines d\u2019une division de 8000 personnes<\/strong>, m\u2019ont permis d\u2019appr\u00e9hender largement les probl\u00e9matiques auxquelles sont confront\u00e9s les managers quotidiennement.<\/p>\n<p style=\"text-align: left;\">J&#8217;ai v\u00e9cu ce parcours comme un <span style=\"color: #ff6600;\"><strong>service<\/strong><\/span> pour les collaborateurs, les managers et leur business et c\u2019est toujours cet esprit qui m\u2019anime aujourd\u2019hui.<\/p>\n","protected":false},"excerpt":{"rendered":"<p>&nbsp; &nbsp;Yann PORTEU &#8211; Consultant \/ Fondateur de S\u00e9nev\u00e9 RH Ing\u00e9nieur de formation (ECAM Lyon), j\u2019ai d\u00e9but\u00e9 ma carri\u00e8re en tant&nbsp; que Responsable de production &hellip;<\/p>\n","protected":false},"author":1,"featured_media":471,"parent":0,"menu_order":4,"comment_status":"closed","ping_status":"closed","template":"","meta":[],"_links":{"self":[{"href":"https:\/\/seneve-rh.fr\/index.php\/wp-json\/wp\/v2\/pages\/123"}],"collection":[{"href":"https:\/\/seneve-rh.fr\/index.php\/wp-json\/wp\/v2\/pages"}],"about":[{"href":"https:\/\/seneve-rh.fr\/index.php\/wp-json\/wp\/v2\/types\/page"}],"author":[{"embeddable":true,"href":"https:\/\/seneve-rh.fr\/index.php\/wp-json\/wp\/v2\/users\/1"}],"replies":[{"embeddable":true,"href":"https:\/\/seneve-rh.fr\/index.php\/wp-json\/wp\/v2\/comments?post=123"}],"version-history":[{"count":13,"href":"https:\/\/seneve-rh.fr\/index.php\/wp-json\/wp\/v2\/pages\/123\/revisions"}],"predecessor-version":[{"id":474,"href":"https:\/\/seneve-rh.fr\/index.php\/wp-json\/wp\/v2\/pages\/123\/revisions\/474"}],"wp:featuredmedia":[{"embeddable":true,"href":"https:\/\/seneve-rh.fr\/index.php\/wp-json\/wp\/v2\/media\/471"}],"wp:attachment":[{"href":"https:\/\/seneve-rh.fr\/index.php\/wp-json\/wp\/v2\/media?parent=123"}],"curies":[{"name":"wp","href":"https:\/\/api.w.org\/{rel}","templated":true}]}}